{"id":5926,"date":"2020-03-23T11:38:45","date_gmt":"2020-03-23T10:38:45","guid":{"rendered":"https:\/\/www.agriturismoaurora.it\/eventi\/"},"modified":"2023-01-24T11:52:43","modified_gmt":"2023-01-24T10:52:43","slug":"events","status":"publish","type":"page","link":"https:\/\/www.agriturismoaurora.it\/en\/events\/","title":{"rendered":"Events Umbria"},"content":{"rendered":"\t\t<div data-elementor-type=\"wp-page\" data-elementor-id=\"5926\" class=\"elementor elementor-5926 elementor-694\">\n\t\t\t\t\t\t\t\t\t<section class=\"elementor-section elementor-top-section elementor-element elementor-element-4a4a967 elementor-section-full_width elementor-section-height-default elementor-section-height-default qodef-elementor-content-no\" data-id=\"4a4a967\" data-element_type=\"section\">\n\t\t\t\t\t\t<div class=\"elementor-container elementor-column-gap-no\">\n\t\t\t\t\t<div class=\"elementor-column elementor-col-100 elementor-top-column elementor-element elementor-element-a4cfdc5\" data-id=\"a4cfdc5\" data-element_type=\"column\">\n\t\t\t<div class=\"elementor-widget-wrap elementor-element-populated\">\n\t\t\t\t\t\t\t\t<div class=\"elementor-element elementor-element-d901e06 elementor-widget elementor-widget-alloggio_core_blog_list\" data-id=\"d901e06\" data-element_type=\"widget\" data-widget_type=\"alloggio_core_blog_list.default\">\n\t\t\t\t<div class=\"elementor-widget-container\">\n\t\t\t<div class=\"qodef-shortcode qodef-m  qodef-blog qodef--list qodef-item-layout--standard  qodef--has-animation qodef-grid qodef-layout--masonry  qodef-gutter--normal qodef-col-num--3 qodef-item-layout--standard qodef-pagination--on qodef-pagination-type--standard qodef-responsive--predefined\" data-options=\"{&quot;plugin&quot;:&quot;alloggio_core&quot;,&quot;module&quot;:&quot;blog\\\/shortcodes&quot;,&quot;shortcode&quot;:&quot;blog-list&quot;,&quot;post_type&quot;:&quot;post&quot;,&quot;next_page&quot;:&quot;2&quot;,&quot;max_pages_num&quot;:1,&quot;behavior&quot;:&quot;masonry&quot;,&quot;columns&quot;:&quot;3&quot;,&quot;columns_responsive&quot;:&quot;predefined&quot;,&quot;space&quot;:&quot;normal&quot;,&quot;posts_per_page&quot;:&quot;12&quot;,&quot;orderby&quot;:&quot;date&quot;,&quot;order&quot;:&quot;ASC&quot;,&quot;additional_params&quot;:&quot;tax&quot;,&quot;tax&quot;:&quot;category&quot;,&quot;tax_slug&quot;:&quot;eventi&quot;,&quot;layout&quot;:&quot;standard&quot;,&quot;title_tag&quot;:&quot;h3&quot;,&quot;enable_animation&quot;:&quot;yes&quot;,&quot;enable_author_info&quot;:&quot;no&quot;,&quot;enable_read_more&quot;:&quot;yes&quot;,&quot;excerpt_length&quot;:&quot;145&quot;,&quot;pagination_type&quot;:&quot;standard&quot;,&quot;object_class_name&quot;:&quot;AlloggioCoreBlogListShortcode&quot;,&quot;taxonomy_filter&quot;:&quot;category&quot;,&quot;additional_query_args&quot;:{&quot;tax_query&quot;:[{&quot;taxonomy&quot;:&quot;category&quot;,&quot;field&quot;:&quot;slug&quot;,&quot;terms&quot;:&quot;eventi&quot;}]},&quot;space_value&quot;:15}\">\n\t\t<div class=\"qodef-grid-inner clear\">\n\t\t\t<div class=\"qodef-grid-masonry-sizer\"><\/div>\n\t<div class=\"qodef-grid-masonry-gutter\"><\/div>\n<article class=\"qodef-e qodef-blog-item qodef-grid-item post-5938 post type-post status-publish format-standard has-post-thumbnail hentry category-eventi-en tag-albero-di-gubbio-en tag-capodanno-a-gubbio-en tag-citta-del-natale-en tag-offerte-vacanze-in-umbria-en tag-umbria-capodanno-en\">\n\t<div class=\"qodef-e-inner\">\n\t\t<div class=\"qodef-e-media\">\n\t\t<div class=\"qodef-e-media-image\">\n\t\t<a itemprop=\"url\" href=\"https:\/\/www.agriturismoaurora.it\/en\/balli-e-fuochi-a-piazza-grande\/\">\n\t\t\t<img loading=\"lazy\" decoding=\"async\" width=\"1920\" height=\"1202\" src=\"https:\/\/www.agriturismoaurora.it\/wp-content\/uploads\/2022\/10\/fireworks-574739_1920.jpg\" class=\"attachment-full size-full wp-post-image\" alt=\"\" srcset=\"https:\/\/www.agriturismoaurora.it\/wp-content\/uploads\/2022\/10\/fireworks-574739_1920.jpg 1920w, https:\/\/www.agriturismoaurora.it\/wp-content\/uploads\/2022\/10\/fireworks-574739_1920-300x188.jpg 300w, https:\/\/www.agriturismoaurora.it\/wp-content\/uploads\/2022\/10\/fireworks-574739_1920-1024x641.jpg 1024w, https:\/\/www.agriturismoaurora.it\/wp-content\/uploads\/2022\/10\/fireworks-574739_1920-768x481.jpg 768w, https:\/\/www.agriturismoaurora.it\/wp-content\/uploads\/2022\/10\/fireworks-574739_1920-1536x962.jpg 1536w, https:\/\/www.agriturismoaurora.it\/wp-content\/uploads\/2022\/10\/fireworks-574739_1920-600x376.jpg 600w\" sizes=\"auto, (max-width: 1920px) 100vw, 1920px\" \/>\t\t<\/a>\n\t<\/div>\n<\/div>\t\t<div class=\"qodef-e-content\">\n\t\t\t<div class=\"qodef-e-info qodef-info--top\">\n\t\t\t\t<div itemprop=\"dateCreated\" class=\"qodef-e-info-item qodef-e-info-date entry-date \">\n\t<a itemprop=\"url\" href=\"https:\/\/www.agriturismoaurora.it\/en\/2022\/10\/\">19 October 2022<\/a>\n\t<meta itemprop=\"interactionCount\" content=\"UserComments: 0\"\/>\n<\/div>\t\t\t<\/div>\n\t\t\t<div class=\"qodef-e-text\">\n\t\t\t\t<h3 itemprop=\"name\" class=\"qodef-e-title entry-title\" >\n\t<a itemprop=\"url\" class=\"qodef-e-title-link\" href=\"https:\/\/www.agriturismoaurora.it\/en\/balli-e-fuochi-a-piazza-grande\/\">\n\t\tBalli e Fuochi a Piazza Grande\t<\/a>\n<\/h3>\t\t<p itemprop=\"description\" class=\"qodef-e-excerpt\">Anche Gubbio si sta preparando a festeggiare la notte di Capodanno. L&#039;appuntamento \u00e8 nella magnifica Piazza Grande<\/p>\n\t\t\t\t<\/div>\n\t\t\t\t\t\t\t<div class=\"qodef-e-info qodef-info--bottom\">\n\t\t\t\t\t\t<div class=\"qodef-e-read-more\">\n\t\t<a class=\"qodef-shortcode qodef-m  qodef-button qodef-layout--textual  qodef-html--link\" href=\"https:\/\/www.agriturismoaurora.it\/en\/balli-e-fuochi-a-piazza-grande\/\" target=\"_self\"  >\t<span class=\"qodef-m-text\">Read More<\/span>\t<span class=\"qodef-m-plus\"><\/span><\/a>\t<\/div>\n\t\t\t\t<\/div>\n\t\t\t\t\t<\/div>\n\t<\/div>\n<\/article><article class=\"qodef-e qodef-blog-item qodef-grid-item post-5937 post type-post status-publish format-standard has-post-thumbnail hentry category-eventi-en tag-albero-piu-grande-del-mondo-a-gubbio-en tag-gubbio-citta-del-natale-en\">\n\t<div class=\"qodef-e-inner\">\n\t\t<div class=\"qodef-e-media\">\n\t\t<div class=\"qodef-e-media-image\">\n\t\t<a itemprop=\"url\" href=\"https:\/\/www.agriturismoaurora.it\/en\/natale-in-umbria\/\">\n\t\t\t<img loading=\"lazy\" decoding=\"async\" width=\"1920\" height=\"1280\" src=\"https:\/\/www.agriturismoaurora.it\/wp-content\/uploads\/2022\/10\/snowman-1882635_1920.jpg\" class=\"attachment-full size-full wp-post-image\" alt=\"\" srcset=\"https:\/\/www.agriturismoaurora.it\/wp-content\/uploads\/2022\/10\/snowman-1882635_1920.jpg 1920w, https:\/\/www.agriturismoaurora.it\/wp-content\/uploads\/2022\/10\/snowman-1882635_1920-300x200.jpg 300w, https:\/\/www.agriturismoaurora.it\/wp-content\/uploads\/2022\/10\/snowman-1882635_1920-1024x683.jpg 1024w, https:\/\/www.agriturismoaurora.it\/wp-content\/uploads\/2022\/10\/snowman-1882635_1920-768x512.jpg 768w, https:\/\/www.agriturismoaurora.it\/wp-content\/uploads\/2022\/10\/snowman-1882635_1920-1536x1024.jpg 1536w, https:\/\/www.agriturismoaurora.it\/wp-content\/uploads\/2022\/10\/snowman-1882635_1920-600x400.jpg 600w\" sizes=\"auto, (max-width: 1920px) 100vw, 1920px\" \/>\t\t<\/a>\n\t<\/div>\n<\/div>\t\t<div class=\"qodef-e-content\">\n\t\t\t<div class=\"qodef-e-info qodef-info--top\">\n\t\t\t\t<div itemprop=\"dateCreated\" class=\"qodef-e-info-item qodef-e-info-date entry-date \">\n\t<a itemprop=\"url\" href=\"https:\/\/www.agriturismoaurora.it\/en\/2022\/10\/\">19 October 2022<\/a>\n\t<meta itemprop=\"interactionCount\" content=\"UserComments: 0\"\/>\n<\/div>\t\t\t<\/div>\n\t\t\t<div class=\"qodef-e-text\">\n\t\t\t\t<h3 itemprop=\"name\" class=\"qodef-e-title entry-title\" >\n\t<a itemprop=\"url\" class=\"qodef-e-title-link\" href=\"https:\/\/www.agriturismoaurora.it\/en\/natale-in-umbria\/\">\n\t\tEvento Gubbio citt\u00e0 del Natale\t<\/a>\n<\/h3>\t\t<p itemprop=\"description\" class=\"qodef-e-excerpt\">Gubbio in Umbria  Dicembre e Gennaio -2019 grande festa il 7 Dicembre per l\u2019accensione dell\u2019Albero Gubbio citt\u00e0 del Natale : albero pi\u00f9 gra<\/p>\n\t\t\t\t<\/div>\n\t\t\t\t\t\t\t<div class=\"qodef-e-info qodef-info--bottom\">\n\t\t\t\t\t\t<div class=\"qodef-e-read-more\">\n\t\t<a class=\"qodef-shortcode qodef-m  qodef-button qodef-layout--textual  qodef-html--link\" href=\"https:\/\/www.agriturismoaurora.it\/en\/natale-in-umbria\/\" target=\"_self\"  >\t<span class=\"qodef-m-text\">Read More<\/span>\t<span class=\"qodef-m-plus\"><\/span><\/a>\t<\/div>\n\t\t\t\t<\/div>\n\t\t\t\t\t<\/div>\n\t<\/div>\n<\/article><article class=\"qodef-e qodef-blog-item qodef-grid-item post-5936 post type-post status-publish format-standard has-post-thumbnail hentry category-eventi-en\">\n\t<div class=\"qodef-e-inner\">\n\t\t<div class=\"qodef-e-media\">\n\t\t<div class=\"qodef-e-media-image\">\n\t\t<a itemprop=\"url\" href=\"https:\/\/www.agriturismoaurora.it\/en\/gubbio-citta-del-natale\/\">\n\t\t\t<img loading=\"lazy\" decoding=\"async\" width=\"277\" height=\"300\" src=\"https:\/\/www.agriturismoaurora.it\/wp-content\/uploads\/2022\/10\/Gubbio-offerte-Natale-277x300-1.jpeg\" class=\"attachment-full size-full wp-post-image\" alt=\"\" \/>\t\t<\/a>\n\t<\/div>\n<\/div>\t\t<div class=\"qodef-e-content\">\n\t\t\t<div class=\"qodef-e-info qodef-info--top\">\n\t\t\t\t<div itemprop=\"dateCreated\" class=\"qodef-e-info-item qodef-e-info-date entry-date \">\n\t<a itemprop=\"url\" href=\"https:\/\/www.agriturismoaurora.it\/en\/2022\/10\/\">19 October 2022<\/a>\n\t<meta itemprop=\"interactionCount\" content=\"UserComments: 0\"\/>\n<\/div>\t\t\t<\/div>\n\t\t\t<div class=\"qodef-e-text\">\n\t\t\t\t<h3 itemprop=\"name\" class=\"qodef-e-title entry-title\" >\n\t<a itemprop=\"url\" class=\"qodef-e-title-link\" href=\"https:\/\/www.agriturismoaurora.it\/en\/gubbio-citta-del-natale\/\">\n\t\tGubbio citt\u00e0 del Natale\t<\/a>\n<\/h3>\t\t<p itemprop=\"description\" class=\"qodef-e-excerpt\">Dal 5 dicembre 2022 al 10 gennaio 2023\nGUBBIO LA CITTA DEL NATALE Serie di eventi organizzati dal Comune di Gubbio in collaborazione con le Assoc<\/p>\n\t\t\t\t<\/div>\n\t\t\t\t\t\t\t<div class=\"qodef-e-info qodef-info--bottom\">\n\t\t\t\t\t\t<div class=\"qodef-e-read-more\">\n\t\t<a class=\"qodef-shortcode qodef-m  qodef-button qodef-layout--textual  qodef-html--link\" href=\"https:\/\/www.agriturismoaurora.it\/en\/gubbio-citta-del-natale\/\" target=\"_self\"  >\t<span class=\"qodef-m-text\">Read More<\/span>\t<span class=\"qodef-m-plus\"><\/span><\/a>\t<\/div>\n\t\t\t\t<\/div>\n\t\t\t\t\t<\/div>\n\t<\/div>\n<\/article><article class=\"qodef-e qodef-blog-item qodef-grid-item post-5935 post type-post status-publish format-standard has-post-thumbnail hentry category-eventi-en tag-palio-della-balestra-gubbio-en\">\n\t<div class=\"qodef-e-inner\">\n\t\t<div class=\"qodef-e-media\">\n\t\t<div class=\"qodef-e-media-image\">\n\t\t<a itemprop=\"url\" href=\"https:\/\/www.agriturismoaurora.it\/en\/palio-della-balestra-gubbio\/\">\n\t\t\t<img loading=\"lazy\" decoding=\"async\" width=\"1440\" height=\"1920\" src=\"https:\/\/www.agriturismoaurora.it\/wp-content\/uploads\/2022\/10\/arc-1306657_1920.jpg\" class=\"attachment-full size-full wp-post-image\" alt=\"\" srcset=\"https:\/\/www.agriturismoaurora.it\/wp-content\/uploads\/2022\/10\/arc-1306657_1920.jpg 1440w, https:\/\/www.agriturismoaurora.it\/wp-content\/uploads\/2022\/10\/arc-1306657_1920-225x300.jpg 225w, https:\/\/www.agriturismoaurora.it\/wp-content\/uploads\/2022\/10\/arc-1306657_1920-768x1024.jpg 768w, https:\/\/www.agriturismoaurora.it\/wp-content\/uploads\/2022\/10\/arc-1306657_1920-1152x1536.jpg 1152w, https:\/\/www.agriturismoaurora.it\/wp-content\/uploads\/2022\/10\/arc-1306657_1920-600x800.jpg 600w\" sizes=\"auto, (max-width: 1440px) 100vw, 1440px\" \/>\t\t<\/a>\n\t<\/div>\n<\/div>\t\t<div class=\"qodef-e-content\">\n\t\t\t<div class=\"qodef-e-info qodef-info--top\">\n\t\t\t\t<div itemprop=\"dateCreated\" class=\"qodef-e-info-item qodef-e-info-date entry-date \">\n\t<a itemprop=\"url\" href=\"https:\/\/www.agriturismoaurora.it\/en\/2022\/10\/\">19 October 2022<\/a>\n\t<meta itemprop=\"interactionCount\" content=\"UserComments: 0\"\/>\n<\/div>\t\t\t<\/div>\n\t\t\t<div class=\"qodef-e-text\">\n\t\t\t\t<h3 itemprop=\"name\" class=\"qodef-e-title entry-title\" >\n\t<a itemprop=\"url\" class=\"qodef-e-title-link\" href=\"https:\/\/www.agriturismoaurora.it\/en\/palio-della-balestra-gubbio\/\">\n\t\tPalio della Balestra di Gubbio\t<\/a>\n<\/h3>\t\t<p itemprop=\"description\" class=\"qodef-e-excerpt\">E\u2019 una tradizionale competizione con l\u2019antica balestra da postazione. I Balestrieri di Gubbio e quelli di Sansepolcro, indossano i caratteris<\/p>\n\t\t\t\t<\/div>\n\t\t\t\t\t\t\t<div class=\"qodef-e-info qodef-info--bottom\">\n\t\t\t\t\t\t<div class=\"qodef-e-read-more\">\n\t\t<a class=\"qodef-shortcode qodef-m  qodef-button qodef-layout--textual  qodef-html--link\" href=\"https:\/\/www.agriturismoaurora.it\/en\/palio-della-balestra-gubbio\/\" target=\"_self\"  >\t<span class=\"qodef-m-text\">Read More<\/span>\t<span class=\"qodef-m-plus\"><\/span><\/a>\t<\/div>\n\t\t\t\t<\/div>\n\t\t\t\t\t<\/div>\n\t<\/div>\n<\/article><article class=\"qodef-e qodef-blog-item qodef-grid-item post-5934 post type-post status-publish format-standard has-post-thumbnail hentry category-eventi-en tag-pasqua-a-gubbio-en tag-pasqua-in-umbria-en\">\n\t<div class=\"qodef-e-inner\">\n\t\t<div class=\"qodef-e-media\">\n\t\t<div class=\"qodef-e-media-image\">\n\t\t<a itemprop=\"url\" href=\"https:\/\/www.agriturismoaurora.it\/en\/eventi-in-umbria-pasqua\/\">\n\t\t\t<img loading=\"lazy\" decoding=\"async\" width=\"259\" height=\"194\" src=\"https:\/\/www.agriturismoaurora.it\/wp-content\/uploads\/2022\/10\/Gubbio-Processione-venerdi\u0300-Santo.jpeg\" class=\"attachment-full size-full wp-post-image\" alt=\"\" \/>\t\t<\/a>\n\t<\/div>\n<\/div>\t\t<div class=\"qodef-e-content\">\n\t\t\t<div class=\"qodef-e-info qodef-info--top\">\n\t\t\t\t<div itemprop=\"dateCreated\" class=\"qodef-e-info-item qodef-e-info-date entry-date \">\n\t<a itemprop=\"url\" href=\"https:\/\/www.agriturismoaurora.it\/en\/2022\/10\/\">19 October 2022<\/a>\n\t<meta itemprop=\"interactionCount\" content=\"UserComments: 0\"\/>\n<\/div>\t\t\t<\/div>\n\t\t\t<div class=\"qodef-e-text\">\n\t\t\t\t<h3 itemprop=\"name\" class=\"qodef-e-title entry-title\" >\n\t<a itemprop=\"url\" class=\"qodef-e-title-link\" href=\"https:\/\/www.agriturismoaurora.it\/en\/eventi-in-umbria-pasqua\/\">\n\t\tProcessione Venerd\u00ec Santo, Pasqua in Umbria\t<\/a>\n<\/h3>\t\t<p itemprop=\"description\" class=\"qodef-e-excerpt\">E\u2019 una tradizionale competizione con l\u2019antica balestra da postazione. I Balestrieri di Gubbio e quelli di Sansepolcro, indossano i caratteris<\/p>\n\t\t\t\t<\/div>\n\t\t\t\t\t\t\t<div class=\"qodef-e-info qodef-info--bottom\">\n\t\t\t\t\t\t<div class=\"qodef-e-read-more\">\n\t\t<a class=\"qodef-shortcode qodef-m  qodef-button qodef-layout--textual  qodef-html--link\" href=\"https:\/\/www.agriturismoaurora.it\/en\/eventi-in-umbria-pasqua\/\" target=\"_self\"  >\t<span class=\"qodef-m-text\">Read More<\/span>\t<span class=\"qodef-m-plus\"><\/span><\/a>\t<\/div>\n\t\t\t\t<\/div>\n\t\t\t\t\t<\/div>\n\t<\/div>\n<\/article><article class=\"qodef-e qodef-blog-item qodef-grid-item post-5933 post type-post status-publish format-standard has-post-thumbnail hentry category-eventi-en tag-dinosauri-a-gubbio-en tag-museo-dinosauri-en\">\n\t<div class=\"qodef-e-inner\">\n\t\t<div class=\"qodef-e-media\">\n\t\t<div class=\"qodef-e-media-image\">\n\t\t<a itemprop=\"url\" href=\"https:\/\/www.agriturismoaurora.it\/en\/evento-dinosauri-a-gubbio-umbria\/\">\n\t\t\t<img loading=\"lazy\" decoding=\"async\" width=\"1920\" height=\"1440\" src=\"https:\/\/www.agriturismoaurora.it\/wp-content\/uploads\/2022\/10\/dinosaur-1310676_1920.jpg\" class=\"attachment-full size-full wp-post-image\" alt=\"\" srcset=\"https:\/\/www.agriturismoaurora.it\/wp-content\/uploads\/2022\/10\/dinosaur-1310676_1920.jpg 1920w, https:\/\/www.agriturismoaurora.it\/wp-content\/uploads\/2022\/10\/dinosaur-1310676_1920-300x225.jpg 300w, https:\/\/www.agriturismoaurora.it\/wp-content\/uploads\/2022\/10\/dinosaur-1310676_1920-1024x768.jpg 1024w, https:\/\/www.agriturismoaurora.it\/wp-content\/uploads\/2022\/10\/dinosaur-1310676_1920-768x576.jpg 768w, https:\/\/www.agriturismoaurora.it\/wp-content\/uploads\/2022\/10\/dinosaur-1310676_1920-1536x1152.jpg 1536w, https:\/\/www.agriturismoaurora.it\/wp-content\/uploads\/2022\/10\/dinosaur-1310676_1920-600x450.jpg 600w\" sizes=\"auto, (max-width: 1920px) 100vw, 1920px\" \/>\t\t<\/a>\n\t<\/div>\n<\/div>\t\t<div class=\"qodef-e-content\">\n\t\t\t<div class=\"qodef-e-info qodef-info--top\">\n\t\t\t\t<div itemprop=\"dateCreated\" class=\"qodef-e-info-item qodef-e-info-date entry-date \">\n\t<a itemprop=\"url\" href=\"https:\/\/www.agriturismoaurora.it\/en\/2022\/10\/\">19 October 2022<\/a>\n\t<meta itemprop=\"interactionCount\" content=\"UserComments: 0\"\/>\n<\/div>\t\t\t<\/div>\n\t\t\t<div class=\"qodef-e-text\">\n\t\t\t\t<h3 itemprop=\"name\" class=\"qodef-e-title entry-title\" >\n\t<a itemprop=\"url\" class=\"qodef-e-title-link\" href=\"https:\/\/www.agriturismoaurora.it\/en\/evento-dinosauri-a-gubbio-umbria\/\">\n\t\tEvento Dinosauri a Gubbio in Umbria\t<\/a>\n<\/h3>\t\t<p itemprop=\"description\" class=\"qodef-e-excerpt\"> I dinosauri sbarcano a Gubbio in Umbria , da Gola Bottaccione tracce dell\u2019estinzione<\/p>\n\t\t\t\t<\/div>\n\t\t\t\t\t\t\t<div class=\"qodef-e-info qodef-info--bottom\">\n\t\t\t\t\t\t<div class=\"qodef-e-read-more\">\n\t\t<a class=\"qodef-shortcode qodef-m  qodef-button qodef-layout--textual  qodef-html--link\" href=\"https:\/\/www.agriturismoaurora.it\/en\/evento-dinosauri-a-gubbio-umbria\/\" target=\"_self\"  >\t<span class=\"qodef-m-text\">Read More<\/span>\t<span class=\"qodef-m-plus\"><\/span><\/a>\t<\/div>\n\t\t\t\t<\/div>\n\t\t\t\t\t<\/div>\n\t<\/div>\n<\/article><article class=\"qodef-e qodef-blog-item qodef-grid-item post-5932 post type-post status-publish format-standard has-post-thumbnail hentry category-eventi-en tag-festa-dei-ceri-15-maggio-en tag-festa-dei-ceri-a-gubbio-en tag-grande-evento-a-gubbio-en\">\n\t<div class=\"qodef-e-inner\">\n\t\t<div class=\"qodef-e-media\">\n\t\t<div class=\"qodef-e-media-image\">\n\t\t<a itemprop=\"url\" href=\"https:\/\/www.agriturismoaurora.it\/en\/festa-dei-ceri\/\">\n\t\t\t<img loading=\"lazy\" decoding=\"async\" width=\"454\" height=\"589\" src=\"https:\/\/www.agriturismoaurora.it\/wp-content\/uploads\/2022\/10\/Gubbio_Corsa_Ceri.jpeg\" class=\"attachment-full size-full wp-post-image\" alt=\"\" srcset=\"https:\/\/www.agriturismoaurora.it\/wp-content\/uploads\/2022\/10\/Gubbio_Corsa_Ceri.jpeg 454w, https:\/\/www.agriturismoaurora.it\/wp-content\/uploads\/2022\/10\/Gubbio_Corsa_Ceri-231x300.jpeg 231w\" sizes=\"auto, (max-width: 454px) 100vw, 454px\" \/>\t\t<\/a>\n\t<\/div>\n<\/div>\t\t<div class=\"qodef-e-content\">\n\t\t\t<div class=\"qodef-e-info qodef-info--top\">\n\t\t\t\t<div itemprop=\"dateCreated\" class=\"qodef-e-info-item qodef-e-info-date entry-date \">\n\t<a itemprop=\"url\" href=\"https:\/\/www.agriturismoaurora.it\/en\/2022\/10\/\">19 October 2022<\/a>\n\t<meta itemprop=\"interactionCount\" content=\"UserComments: 0\"\/>\n<\/div>\t\t\t<\/div>\n\t\t\t<div class=\"qodef-e-text\">\n\t\t\t\t<h3 itemprop=\"name\" class=\"qodef-e-title entry-title\" >\n\t<a itemprop=\"url\" class=\"qodef-e-title-link\" href=\"https:\/\/www.agriturismoaurora.it\/en\/festa-dei-ceri\/\">\n\t\tFesta dei Ceri 15 Maggio\t<\/a>\n<\/h3>\t\t<p itemprop=\"description\" class=\"qodef-e-excerpt\">La Corsa dei Ceri di Gubbio \u00e8 senza dubbio una delle feste pi\u00f9 famose nel mondo: \u00e8 la pi\u00f9 sensazionale, la pi\u00f9 eccitante, la pi\u00f9 pazza cors<\/p>\n\t\t\t\t<\/div>\n\t\t\t\t\t\t\t<div class=\"qodef-e-info qodef-info--bottom\">\n\t\t\t\t\t\t<div class=\"qodef-e-read-more\">\n\t\t<a class=\"qodef-shortcode qodef-m  qodef-button qodef-layout--textual  qodef-html--link\" href=\"https:\/\/www.agriturismoaurora.it\/en\/festa-dei-ceri\/\" target=\"_self\"  >\t<span class=\"qodef-m-text\">Read More<\/span>\t<span class=\"qodef-m-plus\"><\/span><\/a>\t<\/div>\n\t\t\t\t<\/div>\n\t\t\t\t\t<\/div>\n\t<\/div>\n<\/article><article class=\"qodef-e qodef-blog-item qodef-grid-item post-5931 post type-post status-publish format-standard has-post-thumbnail hentry category-eventi-en tag-eurochocolate-a-perugia-umbria-offerte-en\">\n\t<div class=\"qodef-e-inner\">\n\t\t<div class=\"qodef-e-media\">\n\t\t<div class=\"qodef-e-media-image\">\n\t\t<a itemprop=\"url\" href=\"https:\/\/www.agriturismoaurora.it\/en\/eurochocolate-offerte\/\">\n\t\t\t<img loading=\"lazy\" decoding=\"async\" width=\"1920\" height=\"1280\" src=\"https:\/\/www.agriturismoaurora.it\/wp-content\/uploads\/2022\/10\/chocolate-2554_1920.jpg\" class=\"attachment-full size-full wp-post-image\" alt=\"\" srcset=\"https:\/\/www.agriturismoaurora.it\/wp-content\/uploads\/2022\/10\/chocolate-2554_1920.jpg 1920w, https:\/\/www.agriturismoaurora.it\/wp-content\/uploads\/2022\/10\/chocolate-2554_1920-300x200.jpg 300w, https:\/\/www.agriturismoaurora.it\/wp-content\/uploads\/2022\/10\/chocolate-2554_1920-1024x683.jpg 1024w, https:\/\/www.agriturismoaurora.it\/wp-content\/uploads\/2022\/10\/chocolate-2554_1920-768x512.jpg 768w, https:\/\/www.agriturismoaurora.it\/wp-content\/uploads\/2022\/10\/chocolate-2554_1920-1536x1024.jpg 1536w, https:\/\/www.agriturismoaurora.it\/wp-content\/uploads\/2022\/10\/chocolate-2554_1920-600x400.jpg 600w\" sizes=\"auto, (max-width: 1920px) 100vw, 1920px\" \/>\t\t<\/a>\n\t<\/div>\n<\/div>\t\t<div class=\"qodef-e-content\">\n\t\t\t<div class=\"qodef-e-info qodef-info--top\">\n\t\t\t\t<div itemprop=\"dateCreated\" class=\"qodef-e-info-item qodef-e-info-date entry-date \">\n\t<a itemprop=\"url\" href=\"https:\/\/www.agriturismoaurora.it\/en\/2022\/10\/\">19 October 2022<\/a>\n\t<meta itemprop=\"interactionCount\" content=\"UserComments: 0\"\/>\n<\/div>\t\t\t<\/div>\n\t\t\t<div class=\"qodef-e-text\">\n\t\t\t\t<h3 itemprop=\"name\" class=\"qodef-e-title entry-title\" >\n\t<a itemprop=\"url\" class=\"qodef-e-title-link\" href=\"https:\/\/www.agriturismoaurora.it\/en\/eurochocolate-offerte\/\">\n\t\tEurochocolate Umbria Perugia\t<\/a>\n<\/h3>\t\t<p itemprop=\"description\" class=\"qodef-e-excerpt\">Settimana ricca di cioccolata evento da non perdere per i golosi Eurochocolate in Umbria\ndal 15 Novembre <\/p>\n\t\t\t\t<\/div>\n\t\t\t\t\t\t\t<div class=\"qodef-e-info qodef-info--bottom\">\n\t\t\t\t\t\t<div class=\"qodef-e-read-more\">\n\t\t<a class=\"qodef-shortcode qodef-m  qodef-button qodef-layout--textual  qodef-html--link\" href=\"https:\/\/www.agriturismoaurora.it\/en\/eurochocolate-offerte\/\" target=\"_self\"  >\t<span class=\"qodef-m-text\">Read More<\/span>\t<span class=\"qodef-m-plus\"><\/span><\/a>\t<\/div>\n\t\t\t\t<\/div>\n\t\t\t\t\t<\/div>\n\t<\/div>\n<\/article><article class=\"qodef-e qodef-blog-item qodef-grid-item post-5930 post type-post status-publish format-standard has-post-thumbnail hentry category-eventi-en tag-eventi-a-gubbio-en tag-feste-en tag-sagre-en\">\n\t<div class=\"qodef-e-inner\">\n\t\t<div class=\"qodef-e-media\">\n\t\t<div class=\"qodef-e-media-image\">\n\t\t<a itemprop=\"url\" href=\"https:\/\/www.agriturismoaurora.it\/en\/eventi-sagre-feste-luglio-agosto-in-umbria-vacanze\/\">\n\t\t\t<img loading=\"lazy\" decoding=\"async\" width=\"1920\" height=\"1280\" src=\"https:\/\/www.agriturismoaurora.it\/wp-content\/uploads\/2022\/10\/straw-bales-7389392_1920.jpg\" class=\"attachment-full size-full wp-post-image\" alt=\"\" srcset=\"https:\/\/www.agriturismoaurora.it\/wp-content\/uploads\/2022\/10\/straw-bales-7389392_1920.jpg 1920w, https:\/\/www.agriturismoaurora.it\/wp-content\/uploads\/2022\/10\/straw-bales-7389392_1920-300x200.jpg 300w, https:\/\/www.agriturismoaurora.it\/wp-content\/uploads\/2022\/10\/straw-bales-7389392_1920-1024x683.jpg 1024w, https:\/\/www.agriturismoaurora.it\/wp-content\/uploads\/2022\/10\/straw-bales-7389392_1920-768x512.jpg 768w, https:\/\/www.agriturismoaurora.it\/wp-content\/uploads\/2022\/10\/straw-bales-7389392_1920-1536x1024.jpg 1536w, https:\/\/www.agriturismoaurora.it\/wp-content\/uploads\/2022\/10\/straw-bales-7389392_1920-600x400.jpg 600w\" sizes=\"auto, (max-width: 1920px) 100vw, 1920px\" \/>\t\t<\/a>\n\t<\/div>\n<\/div>\t\t<div class=\"qodef-e-content\">\n\t\t\t<div class=\"qodef-e-info qodef-info--top\">\n\t\t\t\t<div itemprop=\"dateCreated\" class=\"qodef-e-info-item qodef-e-info-date entry-date \">\n\t<a itemprop=\"url\" href=\"https:\/\/www.agriturismoaurora.it\/en\/2022\/10\/\">19 October 2022<\/a>\n\t<meta itemprop=\"interactionCount\" content=\"UserComments: 0\"\/>\n<\/div>\t\t\t<\/div>\n\t\t\t<div class=\"qodef-e-text\">\n\t\t\t\t<h3 itemprop=\"name\" class=\"qodef-e-title entry-title\" >\n\t<a itemprop=\"url\" class=\"qodef-e-title-link\" href=\"https:\/\/www.agriturismoaurora.it\/en\/eventi-sagre-feste-luglio-agosto-in-umbria-vacanze\/\">\n\t\tSagre Feste Luglio Agosto e Settembre in Umbria\t<\/a>\n<\/h3>\t\t<p itemprop=\"description\" class=\"qodef-e-excerpt\">l\u2019estate a Gubbio \u00e8 piena di feste e sagre paesane tutte le settimane una festa\n<\/p>\n\t\t\t\t<\/div>\n\t\t\t\t\t\t\t<div class=\"qodef-e-info qodef-info--bottom\">\n\t\t\t\t\t\t<div class=\"qodef-e-read-more\">\n\t\t<a class=\"qodef-shortcode qodef-m  qodef-button qodef-layout--textual  qodef-html--link\" href=\"https:\/\/www.agriturismoaurora.it\/en\/eventi-sagre-feste-luglio-agosto-in-umbria-vacanze\/\" target=\"_self\"  >\t<span class=\"qodef-m-text\">Read More<\/span>\t<span class=\"qodef-m-plus\"><\/span><\/a>\t<\/div>\n\t\t\t\t<\/div>\n\t\t\t\t\t<\/div>\n\t<\/div>\n<\/article><article class=\"qodef-e qodef-blog-item qodef-grid-item post-5929 post type-post status-publish format-standard has-post-thumbnail hentry category-eventi-en tag-eventi-a-gubbio-in-umbria-en\">\n\t<div class=\"qodef-e-inner\">\n\t\t<div class=\"qodef-e-media\">\n\t\t<div class=\"qodef-e-media-image\">\n\t\t<a itemprop=\"url\" href=\"https:\/\/www.agriturismoaurora.it\/en\/eventi-gubbio-umbria\/\">\n\t\t\t<img loading=\"lazy\" decoding=\"async\" width=\"1920\" height=\"1440\" src=\"https:\/\/www.agriturismoaurora.it\/wp-content\/uploads\/2022\/10\/building-3693497_1920-1.jpg\" class=\"attachment-full size-full wp-post-image\" alt=\"\" srcset=\"https:\/\/www.agriturismoaurora.it\/wp-content\/uploads\/2022\/10\/building-3693497_1920-1.jpg 1920w, https:\/\/www.agriturismoaurora.it\/wp-content\/uploads\/2022\/10\/building-3693497_1920-1-300x225.jpg 300w, https:\/\/www.agriturismoaurora.it\/wp-content\/uploads\/2022\/10\/building-3693497_1920-1-1024x768.jpg 1024w, https:\/\/www.agriturismoaurora.it\/wp-content\/uploads\/2022\/10\/building-3693497_1920-1-768x576.jpg 768w, https:\/\/www.agriturismoaurora.it\/wp-content\/uploads\/2022\/10\/building-3693497_1920-1-1536x1152.jpg 1536w, https:\/\/www.agriturismoaurora.it\/wp-content\/uploads\/2022\/10\/building-3693497_1920-1-600x450.jpg 600w\" sizes=\"auto, (max-width: 1920px) 100vw, 1920px\" \/>\t\t<\/a>\n\t<\/div>\n<\/div>\t\t<div class=\"qodef-e-content\">\n\t\t\t<div class=\"qodef-e-info qodef-info--top\">\n\t\t\t\t<div itemprop=\"dateCreated\" class=\"qodef-e-info-item qodef-e-info-date entry-date \">\n\t<a itemprop=\"url\" href=\"https:\/\/www.agriturismoaurora.it\/en\/2022\/10\/\">19 October 2022<\/a>\n\t<meta itemprop=\"interactionCount\" content=\"UserComments: 0\"\/>\n<\/div>\t\t\t<\/div>\n\t\t\t<div class=\"qodef-e-text\">\n\t\t\t\t<h3 itemprop=\"name\" class=\"qodef-e-title entry-title\" >\n\t<a itemprop=\"url\" class=\"qodef-e-title-link\" href=\"https:\/\/www.agriturismoaurora.it\/en\/eventi-gubbio-umbria\/\">\n\t\tManifestazioni eventi a Gubbio \u2013 Turismo e Cultura\t<\/a>\n<\/h3>\t\t<p itemprop=\"description\" class=\"qodef-e-excerpt\">Altri appuntamenti annuali 25 aprile \u2013 esibizione Gruppo Sbandieratori di Gubbio www.sbandieratori.com luglio\/agosto \u2013 Gubbio Summer Festival<\/p>\n\t\t\t\t<\/div>\n\t\t\t\t\t\t\t<div class=\"qodef-e-info qodef-info--bottom\">\n\t\t\t\t\t\t<div class=\"qodef-e-read-more\">\n\t\t<a class=\"qodef-shortcode qodef-m  qodef-button qodef-layout--textual  qodef-html--link\" href=\"https:\/\/www.agriturismoaurora.it\/en\/eventi-gubbio-umbria\/\" target=\"_self\"  >\t<span class=\"qodef-m-text\">Read More<\/span>\t<span class=\"qodef-m-plus\"><\/span><\/a>\t<\/div>\n\t\t\t\t<\/div>\n\t\t\t\t\t<\/div>\n\t<\/div>\n<\/article><article class=\"qodef-e qodef-blog-item qodef-grid-item post-5928 post type-post status-publish format-standard has-post-thumbnail hentry category-eventi-en tag-albero-di-gubbio tag-albero-di-gubbio-en\">\n\t<div class=\"qodef-e-inner\">\n\t\t<div class=\"qodef-e-media\">\n\t\t<div class=\"qodef-e-media-image\">\n\t\t<a itemprop=\"url\" href=\"https:\/\/www.agriturismoaurora.it\/en\/accensione-albero-di-natale-di-gubbio-in-umbria\/\">\n\t\t\t<img loading=\"lazy\" decoding=\"async\" width=\"1600\" height=\"644\" src=\"https:\/\/www.agriturismoaurora.it\/wp-content\/uploads\/2022\/10\/Sapin_Noel_Geant_Gubbio_2014.jpeg\" class=\"attachment-full size-full wp-post-image\" alt=\"\" srcset=\"https:\/\/www.agriturismoaurora.it\/wp-content\/uploads\/2022\/10\/Sapin_Noel_Geant_Gubbio_2014.jpeg 1600w, https:\/\/www.agriturismoaurora.it\/wp-content\/uploads\/2022\/10\/Sapin_Noel_Geant_Gubbio_2014-300x121.jpeg 300w, https:\/\/www.agriturismoaurora.it\/wp-content\/uploads\/2022\/10\/Sapin_Noel_Geant_Gubbio_2014-1024x412.jpeg 1024w, https:\/\/www.agriturismoaurora.it\/wp-content\/uploads\/2022\/10\/Sapin_Noel_Geant_Gubbio_2014-768x309.jpeg 768w, https:\/\/www.agriturismoaurora.it\/wp-content\/uploads\/2022\/10\/Sapin_Noel_Geant_Gubbio_2014-1536x618.jpeg 1536w, https:\/\/www.agriturismoaurora.it\/wp-content\/uploads\/2022\/10\/Sapin_Noel_Geant_Gubbio_2014-600x242.jpeg 600w\" sizes=\"auto, (max-width: 1600px) 100vw, 1600px\" \/>\t\t<\/a>\n\t<\/div>\n<\/div>\t\t<div class=\"qodef-e-content\">\n\t\t\t<div class=\"qodef-e-info qodef-info--top\">\n\t\t\t\t<div itemprop=\"dateCreated\" class=\"qodef-e-info-item qodef-e-info-date entry-date \">\n\t<a itemprop=\"url\" href=\"https:\/\/www.agriturismoaurora.it\/en\/2022\/10\/\">19 October 2022<\/a>\n\t<meta itemprop=\"interactionCount\" content=\"UserComments: 0\"\/>\n<\/div>\t\t\t<\/div>\n\t\t\t<div class=\"qodef-e-text\">\n\t\t\t\t<h3 itemprop=\"name\" class=\"qodef-e-title entry-title\" >\n\t<a itemprop=\"url\" class=\"qodef-e-title-link\" href=\"https:\/\/www.agriturismoaurora.it\/en\/accensione-albero-di-natale-di-gubbio-in-umbria\/\">\n\t\tAccensione albero di Natale di Gubbio in Umbria\t<\/a>\n<\/h3>\t\t<p itemprop=\"description\" class=\"qodef-e-excerpt\">L\u2019albero di Natale di Gubbio in Umbria \u00e8 costituito da oltre 750 corpi luminosi disseminati lungo le pendici del monte Ingino, a valle del qua<\/p>\n\t\t\t\t<\/div>\n\t\t\t\t\t\t\t<div class=\"qodef-e-info qodef-info--bottom\">\n\t\t\t\t\t\t<div class=\"qodef-e-read-more\">\n\t\t<a class=\"qodef-shortcode qodef-m  qodef-button qodef-layout--textual  qodef-html--link\" href=\"https:\/\/www.agriturismoaurora.it\/en\/accensione-albero-di-natale-di-gubbio-in-umbria\/\" target=\"_self\"  >\t<span class=\"qodef-m-text\">Read More<\/span>\t<span class=\"qodef-m-plus\"><\/span><\/a>\t<\/div>\n\t\t\t\t<\/div>\n\t\t\t\t\t<\/div>\n\t<\/div>\n<\/article>\t<\/div>\n\t<\/div>\t\t<\/div>\n\t\t\t\t<\/div>\n\t\t\t\t\t<\/div>\n\t\t<\/div>\n\t\t\t\t\t\t\t<\/div>\n\t\t<\/section>\n\t\t\t\t\t\t\t<\/div>\n\t\t","protected":false},"excerpt":{"rendered":"","protected":false},"author":1,"featured_media":0,"parent":0,"menu_order":0,"comment_status":"closed","ping_status":"closed","template":"","meta":{"_mbp_gutenberg_autopost":false,"footnotes":""},"class_list":["post-5926","page","type-page","status-publish","hentry"],"yoast_head":"<!-- This site is optimized with the Yoast SEO plugin v20.0 - https:\/\/yoast.com\/wordpress\/plugins\/seo\/ -->\n<title>Events in Gubbio and in Umbria | Agriturismo Aurora<\/title>\n<meta name=\"description\" content=\"The Agriturismo Aurora is the perfect place to stay during major events taking place in Gubbio and in Umbria. Assisi, Perugia\" \/>\n<meta name=\"robots\" content=\"index, follow, max-snippet:-1, max-image-preview:large, max-video-preview:-1\" \/>\n<link rel=\"canonical\" href=\"https:\/\/www.agriturismoaurora.it\/en\/events\/\" \/>\n<meta property=\"og:locale\" content=\"en_US\" \/>\n<meta property=\"og:type\" content=\"article\" \/>\n<meta property=\"og:title\" content=\"Events in Gubbio and in Umbria | Agriturismo Aurora\" \/>\n<meta property=\"og:description\" content=\"The Agriturismo Aurora is the perfect place to stay during major events taking place in Gubbio and in Umbria. Assisi, Perugia\" \/>\n<meta property=\"og:url\" content=\"https:\/\/www.agriturismoaurora.it\/en\/events\/\" \/>\n<meta property=\"og:site_name\" content=\"Agriturismo Aurora\" \/>\n<meta property=\"article:modified_time\" content=\"2023-01-24T10:52:43+00:00\" \/>\n<meta name=\"twitter:card\" content=\"summary_large_image\" \/>\n<script type=\"application\/ld+json\" class=\"yoast-schema-graph\">{\"@context\":\"https:\/\/schema.org\",\"@graph\":[{\"@type\":\"WebPage\",\"@id\":\"https:\/\/www.agriturismoaurora.it\/en\/events\/\",\"url\":\"https:\/\/www.agriturismoaurora.it\/en\/events\/\",\"name\":\"Events in Gubbio and in Umbria | Agriturismo Aurora\",\"isPartOf\":{\"@id\":\"https:\/\/www.agriturismoaurora.it\/#website\"},\"datePublished\":\"2020-03-23T10:38:45+00:00\",\"dateModified\":\"2023-01-24T10:52:43+00:00\",\"description\":\"The Agriturismo Aurora is the perfect place to stay during major events taking place in Gubbio and in Umbria. Assisi, Perugia\",\"breadcrumb\":{\"@id\":\"https:\/\/www.agriturismoaurora.it\/en\/events\/#breadcrumb\"},\"inLanguage\":\"en-US\",\"potentialAction\":[{\"@type\":\"ReadAction\",\"target\":[\"https:\/\/www.agriturismoaurora.it\/en\/events\/\"]}]},{\"@type\":\"BreadcrumbList\",\"@id\":\"https:\/\/www.agriturismoaurora.it\/en\/events\/#breadcrumb\",\"itemListElement\":[{\"@type\":\"ListItem\",\"position\":1,\"name\":\"Home\",\"item\":\"https:\/\/www.agriturismoaurora.it\/en\/\"},{\"@type\":\"ListItem\",\"position\":2,\"name\":\"Events Umbria\"}]},{\"@type\":\"WebSite\",\"@id\":\"https:\/\/www.agriturismoaurora.it\/#website\",\"url\":\"https:\/\/www.agriturismoaurora.it\/\",\"name\":\"Agriturismo Aurora\",\"description\":\"vacanze  in agriturismo a Gubbio\",\"publisher\":{\"@id\":\"https:\/\/www.agriturismoaurora.it\/#organization\"},\"potentialAction\":[{\"@type\":\"SearchAction\",\"target\":{\"@type\":\"EntryPoint\",\"urlTemplate\":\"https:\/\/www.agriturismoaurora.it\/?s={search_term_string}\"},\"query-input\":\"required name=search_term_string\"}],\"inLanguage\":\"en-US\"},{\"@type\":\"Organization\",\"@id\":\"https:\/\/www.agriturismoaurora.it\/#organization\",\"name\":\"Agriturismo Aurora\",\"url\":\"https:\/\/www.agriturismoaurora.it\/\",\"logo\":{\"@type\":\"ImageObject\",\"inLanguage\":\"en-US\",\"@id\":\"https:\/\/www.agriturismoaurora.it\/#\/schema\/logo\/image\/\",\"url\":\"https:\/\/www.agriturismoaurora.it\/wp-content\/uploads\/2022\/10\/aurora_agri_P7080046.jpeg\",\"contentUrl\":\"https:\/\/www.agriturismoaurora.it\/wp-content\/uploads\/2022\/10\/aurora_agri_P7080046.jpeg\",\"width\":800,\"height\":600,\"caption\":\"Agriturismo Aurora\"},\"image\":{\"@id\":\"https:\/\/www.agriturismoaurora.it\/#\/schema\/logo\/image\/\"}}]}<\/script>\n<!-- \/ Yoast SEO plugin. -->","yoast_head_json":{"title":"Events in Gubbio and in Umbria | Agriturismo Aurora","description":"The Agriturismo Aurora is the perfect place to stay during major events taking place in Gubbio and in Umbria. Assisi, Perugia","robots":{"index":"index","follow":"follow","max-snippet":"max-snippet:-1","max-image-preview":"max-image-preview:large","max-video-preview":"max-video-preview:-1"},"canonical":"https:\/\/www.agriturismoaurora.it\/en\/events\/","og_locale":"en_US","og_type":"article","og_title":"Events in Gubbio and in Umbria | Agriturismo Aurora","og_description":"The Agriturismo Aurora is the perfect place to stay during major events taking place in Gubbio and in Umbria. Assisi, Perugia","og_url":"https:\/\/www.agriturismoaurora.it\/en\/events\/","og_site_name":"Agriturismo Aurora","article_modified_time":"2023-01-24T10:52:43+00:00","twitter_card":"summary_large_image","schema":{"@context":"https:\/\/schema.org","@graph":[{"@type":"WebPage","@id":"https:\/\/www.agriturismoaurora.it\/en\/events\/","url":"https:\/\/www.agriturismoaurora.it\/en\/events\/","name":"Events in Gubbio and in Umbria | Agriturismo Aurora","isPartOf":{"@id":"https:\/\/www.agriturismoaurora.it\/#website"},"datePublished":"2020-03-23T10:38:45+00:00","dateModified":"2023-01-24T10:52:43+00:00","description":"The Agriturismo Aurora is the perfect place to stay during major events taking place in Gubbio and in Umbria. Assisi, Perugia","breadcrumb":{"@id":"https:\/\/www.agriturismoaurora.it\/en\/events\/#breadcrumb"},"inLanguage":"en-US","potentialAction":[{"@type":"ReadAction","target":["https:\/\/www.agriturismoaurora.it\/en\/events\/"]}]},{"@type":"BreadcrumbList","@id":"https:\/\/www.agriturismoaurora.it\/en\/events\/#breadcrumb","itemListElement":[{"@type":"ListItem","position":1,"name":"Home","item":"https:\/\/www.agriturismoaurora.it\/en\/"},{"@type":"ListItem","position":2,"name":"Events Umbria"}]},{"@type":"WebSite","@id":"https:\/\/www.agriturismoaurora.it\/#website","url":"https:\/\/www.agriturismoaurora.it\/","name":"Agriturismo Aurora","description":"vacanze  in agriturismo a Gubbio","publisher":{"@id":"https:\/\/www.agriturismoaurora.it\/#organization"},"potentialAction":[{"@type":"SearchAction","target":{"@type":"EntryPoint","urlTemplate":"https:\/\/www.agriturismoaurora.it\/?s={search_term_string}"},"query-input":"required name=search_term_string"}],"inLanguage":"en-US"},{"@type":"Organization","@id":"https:\/\/www.agriturismoaurora.it\/#organization","name":"Agriturismo Aurora","url":"https:\/\/www.agriturismoaurora.it\/","logo":{"@type":"ImageObject","inLanguage":"en-US","@id":"https:\/\/www.agriturismoaurora.it\/#\/schema\/logo\/image\/","url":"https:\/\/www.agriturismoaurora.it\/wp-content\/uploads\/2022\/10\/aurora_agri_P7080046.jpeg","contentUrl":"https:\/\/www.agriturismoaurora.it\/wp-content\/uploads\/2022\/10\/aurora_agri_P7080046.jpeg","width":800,"height":600,"caption":"Agriturismo Aurora"},"image":{"@id":"https:\/\/www.agriturismoaurora.it\/#\/schema\/logo\/image\/"}}]}},"_links":{"self":[{"href":"https:\/\/www.agriturismoaurora.it\/en\/wp-json\/wp\/v2\/pages\/5926","targetHints":{"allow":["GET"]}}],"collection":[{"href":"https:\/\/www.agriturismoaurora.it\/en\/wp-json\/wp\/v2\/pages"}],"about":[{"href":"https:\/\/www.agriturismoaurora.it\/en\/wp-json\/wp\/v2\/types\/page"}],"author":[{"embeddable":true,"href":"https:\/\/www.agriturismoaurora.it\/en\/wp-json\/wp\/v2\/users\/1"}],"replies":[{"embeddable":true,"href":"https:\/\/www.agriturismoaurora.it\/en\/wp-json\/wp\/v2\/comments?post=5926"}],"version-history":[{"count":2,"href":"https:\/\/www.agriturismoaurora.it\/en\/wp-json\/wp\/v2\/pages\/5926\/revisions"}],"predecessor-version":[{"id":6184,"href":"https:\/\/www.agriturismoaurora.it\/en\/wp-json\/wp\/v2\/pages\/5926\/revisions\/6184"}],"wp:attachment":[{"href":"https:\/\/www.agriturismoaurora.it\/en\/wp-json\/wp\/v2\/media?parent=5926"}],"curies":[{"name":"wp","href":"https:\/\/api.w.org\/{rel}","templated":true}]}}